{"id":1884,"date":"2020-02-13T13:17:50","date_gmt":"2020-02-13T13:17:50","guid":{"rendered":"https:\/\/wve.png.mybluehost.me\/website_71bd5955\/accueil\/"},"modified":"2026-03-20T14:30:44","modified_gmt":"2026-03-20T14:30:44","slug":"accueil","status":"publish","type":"page","link":"https:\/\/wermenlinger.com\/fr\/","title":{"rendered":"Accueil"},"content":{"rendered":"\n<div class=\"gb-element-c9fffb98\">\n<div class=\"gb-element-658a2f24\">\n<div>\n<h1 class=\"gb-text gb-text-ef0e089c\">Capter le souffle du monde naturel.<\/h1>\n\n\n\n<p class=\"gb-text gb-text-d794e367\">Enregistrements terrain haute fid\u00e9lit\u00e9, paysages sonores et audio sp\u00e9cifique aux esp\u00e8ces pour le documentaire, la recherche et les m\u00e9dias immersifs.<\/p>\n\n\n\n<div class=\"wp-block-buttons is-layout-flex wp-block-buttons-is-layout-flex\">\n<div class=\"wp-block-button\"><a class=\"wp-block-button__link wp-element-button\" href=\"https:\/\/wermenlinger.com\/fr\/realisations\/\">Voir mes r\u00e9alisations r\u00e9centes<\/a><\/div>\n<\/div>\n<\/div>\n\n\n\n<div>\n<img loading=\"lazy\" decoding=\"async\" width=\"2000\" height=\"1325\" class=\"gb-media-d60267bc\" alt=\"\" title=\"laurent-field\" src=\"https:\/\/wermenlinger.com\/wp-content\/uploads\/2026\/02\/laurent-field.jpeg\" srcset=\"https:\/\/wermenlinger.com\/wp-content\/uploads\/2026\/02\/laurent-field.jpeg 2000w, https:\/\/wermenlinger.com\/wp-content\/uploads\/2026\/02\/laurent-field-300x199.jpeg 300w, https:\/\/wermenlinger.com\/wp-content\/uploads\/2026\/02\/laurent-field-1024x678.jpeg 1024w, https:\/\/wermenlinger.com\/wp-content\/uploads\/2026\/02\/laurent-field-768x509.jpeg 768w, https:\/\/wermenlinger.com\/wp-content\/uploads\/2026\/02\/laurent-field-1536x1018.jpeg 1536w\" sizes=\"auto, (max-width: 2000px) 100vw, 2000px\" \/>\n<\/div>\n<\/div>\n<\/div>\n\n\n\n<div class=\"gb-element-36277e9e\">\n<img loading=\"lazy\" decoding=\"async\" width=\"1000\" height=\"1510\" class=\"gb-media-2b6e205a\" alt=\"\" title=\"St-L (18) copy\" src=\"https:\/\/wermenlinger.com\/wp-content\/uploads\/2026\/02\/St-L-18-copy-1.jpg\" srcset=\"https:\/\/wermenlinger.com\/wp-content\/uploads\/2026\/02\/St-L-18-copy-1.jpg 1000w, https:\/\/wermenlinger.com\/wp-content\/uploads\/2026\/02\/St-L-18-copy-1-199x300.jpg 199w, https:\/\/wermenlinger.com\/wp-content\/uploads\/2026\/02\/St-L-18-copy-1-678x1024.jpg 678w, https:\/\/wermenlinger.com\/wp-content\/uploads\/2026\/02\/St-L-18-copy-1-768x1160.jpg 768w\" sizes=\"auto, (max-width: 1000px) 100vw, 1000px\" \/>\n\n\n\n<div class=\"gb-element-510ef997\">\n<div>\n<h2 class=\"gb-text gb-text-2f3ca217\">Pr\u00eater l&#8217;oreille l\u00e0 o\u00f9 le silence s&#8217;installe.<\/h2>\n\n\n\n<p class=\"gb-text gb-text-b5bb653e\">Bonjour, je suis Laurent Wermenlinger. Je crois qu&#8217;une excellente prise de son de nature ne repose pas uniquement sur l&#8217;\u00e9quipement ; elle r\u00e9side avant tout dans le silence entre les sons. Je passe mon temps dans des corridors recul\u00e9s, \u00e0 attendre le parfait ch\u0153ur de l&#8217;aube ou le mouvement subtil du vent dans les herbes alpines. Mon approche de la captation sonore est ancr\u00e9e dans la patience et le respect de l&#8217;environnement. Qu&#8217;il s&#8217;agisse de d\u00e9ployer des unit\u00e9s d&#8217;enregistrement autonomes ou de capter les vocalisations sp\u00e9cifiques d&#8217;une esp\u00e8ce en p\u00e9ril, je m&#8217;efforce de transporter l&#8217;auditeur au c\u0153ur de la vie sauvage.   <\/p>\n\n\n\n<div class=\"wp-block-buttons is-layout-flex wp-block-buttons-is-layout-flex\">\n<div class=\"wp-block-button\"><a class=\"wp-block-button__link has-medium-font-size has-custom-font-size wp-element-button\" href=\"https:\/\/wermenlinger.com\/fr\/a-propos\/\">Lire ma bio compl\u00e8te<\/a><\/div>\n<\/div>\n<\/div>\n<\/div>\n<\/div>\n\n\n\n<div class=\"gb-element-eefc2c56\">\n<div class=\"gb-element-30679a8e\">\n<h3 class=\"gb-text\">Partneraires et affiliations<\/h3>\n\n\n\n<div class=\"gb-element-f62f8065\">\n<div>\n<a href=\"https:\/\/www.quietparks.org\/\" target=\"_blank\" rel=\"noopener\"><img loading=\"lazy\" decoding=\"async\" width=\"500\" height=\"500\" class=\"gb-media-08595a62\" alt=\"\" title=\"logo-quiet-parks\" src=\"https:\/\/wermenlinger.com\/wp-content\/uploads\/2026\/02\/logo-quiet-parks.png\" srcset=\"https:\/\/wermenlinger.com\/wp-content\/uploads\/2026\/02\/logo-quiet-parks.png 500w, https:\/\/wermenlinger.com\/wp-content\/uploads\/2026\/02\/logo-quiet-parks-300x300.png 300w, https:\/\/wermenlinger.com\/wp-content\/uploads\/2026\/02\/logo-quiet-parks-150x150.png 150w\" sizes=\"auto, (max-width: 500px) 100vw, 500px\" \/><\/a>\n<\/div>\n\n\n\n<div>\n<a href=\"https:\/\/www.soundecology.ca\/\" target=\"_blank\" rel=\"noopener\"><img loading=\"lazy\" decoding=\"async\" width=\"500\" height=\"500\" class=\"gb-media-c3f740f6\" alt=\"\" title=\"case-logo-v2\" src=\"https:\/\/wermenlinger.com\/wp-content\/uploads\/2026\/03\/case-logo-v2.jpg\" srcset=\"https:\/\/wermenlinger.com\/wp-content\/uploads\/2026\/03\/case-logo-v2.jpg 500w, https:\/\/wermenlinger.com\/wp-content\/uploads\/2026\/03\/case-logo-v2-300x300.jpg 300w, https:\/\/wermenlinger.com\/wp-content\/uploads\/2026\/03\/case-logo-v2-150x150.jpg 150w\" sizes=\"auto, (max-width: 500px) 100vw, 500px\" \/><\/a>\n<\/div>\n\n\n\n<div>\n<a href=\"https:\/\/www.wildlife-sound.org\/\" target=\"_blank\" rel=\"noopener\"><img loading=\"lazy\" decoding=\"async\" width=\"500\" height=\"500\" class=\"gb-media-5f68ef36\" alt=\"\" title=\"wsrs-logo\" src=\"https:\/\/wermenlinger.com\/wp-content\/uploads\/2026\/03\/wsrs-logo.jpg\" srcset=\"https:\/\/wermenlinger.com\/wp-content\/uploads\/2026\/03\/wsrs-logo.jpg 500w, https:\/\/wermenlinger.com\/wp-content\/uploads\/2026\/03\/wsrs-logo-300x300.jpg 300w, https:\/\/wermenlinger.com\/wp-content\/uploads\/2026\/03\/wsrs-logo-150x150.jpg 150w\" sizes=\"auto, (max-width: 500px) 100vw, 500px\" \/><\/a>\n<\/div>\n\n\n\n<div>\n<a href=\"https:\/\/wfae.net\/\" target=\"_blank\" rel=\"noopener\"><img loading=\"lazy\" decoding=\"async\" width=\"500\" height=\"500\" class=\"gb-media-31416305\" alt=\"\" title=\"wfae-logo\" src=\"https:\/\/wermenlinger.com\/wp-content\/uploads\/2026\/03\/wfae-logo.jpg\" srcset=\"https:\/\/wermenlinger.com\/wp-content\/uploads\/2026\/03\/wfae-logo.jpg 500w, https:\/\/wermenlinger.com\/wp-content\/uploads\/2026\/03\/wfae-logo-300x300.jpg 300w, https:\/\/wermenlinger.com\/wp-content\/uploads\/2026\/03\/wfae-logo-150x150.jpg 150w\" sizes=\"auto, (max-width: 500px) 100vw, 500px\" \/><\/a>\n<\/div>\n\n\n\n<div>\n<a href=\"https:\/\/www.aws.org.au\/\" target=\"_blank\" rel=\"noopener\"><img loading=\"lazy\" decoding=\"async\" width=\"500\" height=\"500\" class=\"gb-media-6c9ae1e2\" alt=\"\" title=\"logo-aws\" src=\"https:\/\/wermenlinger.com\/wp-content\/uploads\/2026\/03\/logo-aws.jpg\" srcset=\"https:\/\/wermenlinger.com\/wp-content\/uploads\/2026\/03\/logo-aws.jpg 500w, https:\/\/wermenlinger.com\/wp-content\/uploads\/2026\/03\/logo-aws-300x300.jpg 300w, https:\/\/wermenlinger.com\/wp-content\/uploads\/2026\/03\/logo-aws-150x150.jpg 150w\" sizes=\"auto, (max-width: 500px) 100vw, 500px\" \/><\/a>\n<\/div>\n<\/div>\n<\/div>\n<\/div>\n\n\n\n<div class=\"gb-element-bf6ca62c\">\n<div class=\"gb-element-59ece9c4\">\n<div class=\"gb-element-df293c57\">\n<h2 class=\"gb-text gb-text-dca4f126\">Deux d\u00e9cennies de sons<\/h2>\n\n\n\n<p class=\"gb-text gb-text-3ebacfa0\">Depuis plus de vingt ans, je constitue une archive personnelle de plusieurs milliers d&#8217;enregistrements capt\u00e9s dans de nombreux pays et continents. Ce qui a commenc\u00e9 comme une pratique professionnelle syst\u00e9matique est devenu une vaste collection d&#8217;univers acoustiques, des atmosph\u00e8res urbaines denses aux espaces naturels les plus recul\u00e9s. Pour garantir son utilit\u00e9 aux cin\u00e9astes, aux chercheurs et aux artistes sonores, l&#8217;ensemble de l&#8217;archive est catalogu\u00e9 selon le Universal Category System (UCS) et comprend des formats WAV haute fid\u00e9lit\u00e9 ainsi que des enregistrements ambisoniques 3D.  <\/p>\n\n\n\n<div class=\"wp-block-buttons is-layout-flex wp-block-buttons-is-layout-flex\">\n<div class=\"wp-block-button\"><a class=\"wp-block-button__link wp-element-button\" href=\"https:\/\/wermenlinger.com\/fr\/archive-sonore\/\">En savoir plus<\/a><\/div>\n<\/div>\n<\/div>\n<\/div>\n<\/div>\n\n\n\n<div class=\"gb-element-fcb98b95\">\n<div>\n<section class=\"gb-element-021c9ce4\">\n<div class=\"gb-element-9ae6ebcd\">\n<div>\n<h2 class=\"gb-text gb-text-9d69b7e2\">R\u00e9alisations r\u00e9centes<\/h2>\n<\/div>\n\n\n\n<div class=\"gb-element-8c706199\">\n<a class=\"gb-text-5ecd4dd0\" href=\"https:\/\/wermenlinger.com\/fr\/realisations\/\"><span class=\"gb-text\">Voir toutes les r\u00e9alisations<\/span><span class=\"gb-shape\"><svg xmlns=\"http:\/\/www.w3.org\/2000\/svg\" width=\"24\" height=\"24\" fill=\"none\" viewBox=\"0 0 24 24\"><path fill=\"#344d41\" d=\"m15 5-1.41 1.41L18.17 11H2v2h16.17l-4.59 4.59L15 19l7-7z\"><\/path><\/svg><\/span><\/a>\n<\/div>\n<\/div>\n\n\n\n<div><div class=\"gb-looper-42cae5b9\">\n<article class=\"gb-loop-item gb-loop-item-ebe63ed0 post-2368 post type-post status-publish format-standard has-post-thumbnail hentry category-audio tag-28\">\n<div class=\"gb-element-beca8904\">\n<a href=\"https:\/\/wermenlinger.com\/fr\/audio-immersif-adaptatif\/\"><img loading=\"lazy\" decoding=\"async\" width=\"1664\" height=\"1233\" data-media-id=\"2367\" class=\"gb-media-790a175d\" alt=\"\" src=\"https:\/\/wermenlinger.com\/wp-content\/uploads\/2026\/03\/crooked-trees.jpeg\" srcset=\"https:\/\/wermenlinger.com\/wp-content\/uploads\/2026\/03\/crooked-trees.jpeg 1664w, https:\/\/wermenlinger.com\/wp-content\/uploads\/2026\/03\/crooked-trees-300x222.jpeg 300w, https:\/\/wermenlinger.com\/wp-content\/uploads\/2026\/03\/crooked-trees-1024x759.jpeg 1024w, https:\/\/wermenlinger.com\/wp-content\/uploads\/2026\/03\/crooked-trees-768x569.jpeg 768w, https:\/\/wermenlinger.com\/wp-content\/uploads\/2026\/03\/crooked-trees-1536x1138.jpeg 1536w\" sizes=\"auto, (max-width: 1664px) 100vw, 1664px\" \/><\/a>\n<\/div>\n\n\n\n<h3 class=\"gb-text gb-text-6759328d\"><a href=\"https:\/\/wermenlinger.com\/fr\/audio-immersif-adaptatif\/\">Audio immersif adaptatif<\/a><\/h3>\n\n\n\n<p class=\"gb-text gb-text-bf2de762\">Des for\u00eats du mont Gosford aux sanctuaires d&#8217;oiseaux du Belize, cette collaboration met en \u0153uvre la technologie Eclipsa Audio pour illustrer l&#8217;avenir du son immersif. Un voyage \u00e0 360 degr\u00e9s qui s&#8217;adapte \u00e0 votre configuration pour offrir des atmosph\u00e8res cin\u00e9matographiques. <\/p>\n\n\n\n<p class=\"gb-text-4fd9272c\"><span class=\"gb-text\"><a href=\"https:\/\/wermenlinger.com\/fr\/audio-immersif-adaptatif\/\">Lire la suite<\/a><\/span><span class=\"gb-shape\"><svg xmlns=\"http:\/\/www.w3.org\/2000\/svg\" width=\"24\" height=\"24\" fill=\"none\" viewBox=\"0 0 24 24\"><path fill=\"#344d41\" d=\"m15 5-1.41 1.41L18.17 11H2v2h16.17l-4.59 4.59L15 19l7-7z\"><\/path><\/svg><\/span><\/p>\n<\/article>\n\n<article class=\"gb-loop-item gb-loop-item-ebe63ed0 post-1913 post type-post status-publish format-standard has-post-thumbnail hentry category-audio tag-22\">\n<div class=\"gb-element-beca8904\">\n<a href=\"https:\/\/wermenlinger.com\/fr\/intervalles-ultimes\/\"><img loading=\"lazy\" decoding=\"async\" width=\"2000\" height=\"1500\" data-media-id=\"1912\" class=\"gb-media-790a175d\" alt=\"\" src=\"https:\/\/wermenlinger.com\/wp-content\/uploads\/2026\/03\/DOM-212.jpg\" srcset=\"https:\/\/wermenlinger.com\/wp-content\/uploads\/2026\/03\/DOM-212.jpg 2000w, https:\/\/wermenlinger.com\/wp-content\/uploads\/2026\/03\/DOM-212-300x225.jpg 300w, https:\/\/wermenlinger.com\/wp-content\/uploads\/2026\/03\/DOM-212-1024x768.jpg 1024w, https:\/\/wermenlinger.com\/wp-content\/uploads\/2026\/03\/DOM-212-768x576.jpg 768w, https:\/\/wermenlinger.com\/wp-content\/uploads\/2026\/03\/DOM-212-1536x1152.jpg 1536w\" sizes=\"auto, (max-width: 2000px) 100vw, 2000px\" \/><\/a>\n<\/div>\n\n\n\n<h3 class=\"gb-text gb-text-6759328d\"><a href=\"https:\/\/wermenlinger.com\/fr\/intervalles-ultimes\/\">Intervalles ultimes<\/a><\/h3>\n\n\n\n<p class=\"gb-text gb-text-bf2de762\">Des for\u00eats inond\u00e9es du Panama aux \u00eeles submerg\u00e9es des San Blas, cette \u00e9tude de trois ans capture le patrimoine acoustique de paysages en transition. Un voyage \u00e0 travers de flamboyants concerts aviaires et les silences profonds et vivants qui d\u00e9finissent l&#8217;\u00e2me de l&#8217;Am\u00e9rique latine. <\/p>\n\n\n\n<p class=\"gb-text-4fd9272c\"><span class=\"gb-text\"><a href=\"https:\/\/wermenlinger.com\/fr\/intervalles-ultimes\/\">Lire la suite<\/a><\/span><span class=\"gb-shape\"><svg xmlns=\"http:\/\/www.w3.org\/2000\/svg\" width=\"24\" height=\"24\" fill=\"none\" viewBox=\"0 0 24 24\"><path fill=\"#344d41\" d=\"m15 5-1.41 1.41L18.17 11H2v2h16.17l-4.59 4.59L15 19l7-7z\"><\/path><\/svg><\/span><\/p>\n<\/article>\n\n<article class=\"gb-loop-item gb-loop-item-ebe63ed0 post-1967 post type-post status-publish format-standard has-post-thumbnail hentry category-audio tag-25\">\n<div class=\"gb-element-beca8904\">\n<a href=\"https:\/\/wermenlinger.com\/fr\/archipel-de-mingan\/\"><img loading=\"lazy\" decoding=\"async\" width=\"2000\" height=\"1334\" data-media-id=\"2125\" class=\"gb-media-790a175d\" alt=\"\" src=\"https:\/\/wermenlinger.com\/wp-content\/uploads\/2026\/03\/mingan-archipelago-national-park-2.jpeg\" srcset=\"https:\/\/wermenlinger.com\/wp-content\/uploads\/2026\/03\/mingan-archipelago-national-park-2.jpeg 2000w, https:\/\/wermenlinger.com\/wp-content\/uploads\/2026\/03\/mingan-archipelago-national-park-2-300x200.jpeg 300w, https:\/\/wermenlinger.com\/wp-content\/uploads\/2026\/03\/mingan-archipelago-national-park-2-1024x683.jpeg 1024w, https:\/\/wermenlinger.com\/wp-content\/uploads\/2026\/03\/mingan-archipelago-national-park-2-768x512.jpeg 768w, https:\/\/wermenlinger.com\/wp-content\/uploads\/2026\/03\/mingan-archipelago-national-park-2-1536x1025.jpeg 1536w\" sizes=\"auto, (max-width: 2000px) 100vw, 2000px\" \/><\/a>\n<\/div>\n\n\n\n<h3 class=\"gb-text gb-text-6759328d\"><a href=\"https:\/\/wermenlinger.com\/fr\/archipel-de-mingan\/\">Archipel de Mingan<\/a><\/h3>\n\n\n\n<p class=\"gb-text gb-text-bf2de762\">Une occasion rare de documenter par le son les \u00eeles prot\u00e9g\u00e9es de l\u2019archipel de Mingan. Des textures aviaires denses de l\u2019\u00eele aux Perroquets aux vocalisations envo\u00fbtantes des colonies de phoques, ce projet capture pour Parcs Canada l\u2019esprit brut du golfe du Saint-Laurent. <\/p>\n\n\n\n<p class=\"gb-text-4fd9272c\"><span class=\"gb-text\"><a href=\"https:\/\/wermenlinger.com\/fr\/archipel-de-mingan\/\">Lire la suite<\/a><\/span><span class=\"gb-shape\"><svg xmlns=\"http:\/\/www.w3.org\/2000\/svg\" width=\"24\" height=\"24\" fill=\"none\" viewBox=\"0 0 24 24\"><path fill=\"#344d41\" d=\"m15 5-1.41 1.41L18.17 11H2v2h16.17l-4.59 4.59L15 19l7-7z\"><\/path><\/svg><\/span><\/p>\n<\/article>\n<\/div><\/div>\n<\/section>\n<\/div>\n<\/div>\n\n\n\n<div class=\"gb-element-054d53cb\">\n<div class=\"gb-element-990aa855\">\n<h2 class=\"gb-text\">Collaborateurs<\/h2>\n\n\n\n<div class=\"gb-element-fe039a17\">\n<div class=\"gb-element-aab2cb8c\" style=\"--inline-bg-image: url(https:\/\/wve.png.mybluehost.me\/website_71bd5955\/wp-content\/uploads\/2026\/03\/img-daniel-courville.jpg)\"><\/div>\n\n\n\n<div class=\"gb-element-c18f7a15\">\n<p class=\"gb-text gb-text-847d245f\">Daniel Courville<\/p>\n\n\n\n<p class=\"gb-text gb-text-4507fd68\">Consultant<\/p>\n\n\n\n<p class=\"gb-text gb-text-0974568f\">Depuis plus de dix ann\u00e9es maintenant, Daniel m&#8217;a initi\u00e9 \u00e0 la prise de sons multi dimensionnelles, et plus particuli\u00e8rement l&#8217;ambisonie sous toutes ses facettes. Il a particip\u00e9 au montage de mes deux albums, Il s&#8217;est av\u00e9r\u00e9 \u00eatre un consultant de grande valeur ajout\u00e9e \u00e0 ma passion.Test test test <\/p>\n\n\n\n<a class=\"gb-text-c3bf93d8\" target=\"_blank\" rel=\"noopener\" href=\"https:\/\/oboro.net\/old\/oboro_net\/en\/individus\/daniel-courville.html\"><span class=\"gb-text\">Lire la bio compl\u00e8te<\/span><span class=\"gb-shape\"><svg xmlns=\"http:\/\/www.w3.org\/2000\/svg\" width=\"24\" height=\"24\" fill=\"none\" viewBox=\"0 0 24 24\"><path fill=\"#344d41\" d=\"m15 5-1.41 1.41L18.17 11H2v2h16.17l-4.59 4.59L15 19l7-7z\"><\/path><\/svg><\/span><\/a>\n<\/div>\n<\/div>\n\n\n\n<div class=\"gb-element-7583d94a\">\n<div class=\"gb-element-5f1c7d93\" style=\"--inline-bg-image: url(https:\/\/wve.png.mybluehost.me\/website_71bd5955\/wp-content\/uploads\/2026\/03\/img-stefan-van-der-land.jpeg)\"><\/div>\n\n\n\n<div class=\"gb-element-30ca2f5d\">\n<p class=\"gb-text gb-text-79e6d0c5\">Stefan Vanderland<\/p>\n\n\n\n<p class=\"gb-text gb-text-fa0e9ae6\">Chinook Medias<\/p>\n\n\n\n<p class=\"gb-text gb-text-6cf96c92\">Photographe et cin\u00e9aste, Stefan avec son dynamisme et son sens artistique s&#8217;est impliqu\u00e9 \u00e0 la r\u00e9alisation de vid\u00e9os et de photographies en plus d&#8217; \u00eatre d&#8217;excellent conseil lors des sessions d&#8217;enregistrement. <\/p>\n\n\n\n<a class=\"gb-text-9756cd86\" target=\"_blank\" rel=\"noopener\" href=\"https:\/\/www.chinookmedias.com\/about-me\"><span class=\"gb-text\">Lire la bio compl\u00e8te<\/span><span class=\"gb-shape\"><svg xmlns=\"http:\/\/www.w3.org\/2000\/svg\" width=\"24\" height=\"24\" fill=\"none\" viewBox=\"0 0 24 24\"><path fill=\"#344d41\" d=\"m15 5-1.41 1.41L18.17 11H2v2h16.17l-4.59 4.59L15 19l7-7z\"><\/path><\/svg><\/span><\/a>\n<\/div>\n<\/div>\n\n\n\n<div class=\"gb-element-1a3ab1c8\">\n<div class=\"gb-element-3bd62c63\" style=\"--inline-bg-image: url(https:\/\/wve.png.mybluehost.me\/website_71bd5955\/wp-content\/uploads\/2026\/03\/img-christian-olsen_headshot.webp)\"><\/div>\n\n\n\n<div class=\"gb-element-96602e5f\">\n<p class=\"gb-text gb-text-442b4df0\">Christian Olsen<\/p>\n\n\n\n<p class=\"gb-text gb-text-87859a49\">Composition et design sonore<\/p>\n\n\n\n<p class=\"gb-text gb-text-245937ea\">Christian est un collaborateur plus r\u00e9cent et s&#8217;implique \u00e0 fond dans l&#8217;\u00e9laboration de la base de donn\u00e9es des prises de sons en utilisant le protocole UCS.<\/p>\n\n\n\n<a class=\"gb-text-de2049ab\" href=\"https:\/\/www.christianolsen.net\/about\" target=\"_blank\" rel=\"noopener\"><span class=\"gb-text\">Lire la bio compl\u00e8te<\/span><span class=\"gb-shape\"><svg xmlns=\"http:\/\/www.w3.org\/2000\/svg\" width=\"24\" height=\"24\" fill=\"none\" viewBox=\"0 0 24 24\"><path fill=\"#344d41\" d=\"m15 5-1.41 1.41L18.17 11H2v2h16.17l-4.59 4.59L15 19l7-7z\"><\/path><\/svg><\/span><\/a>\n<\/div>\n<\/div>\n<\/div>\n<\/div>\n","protected":false},"excerpt":{"rendered":"<p>Capter le souffle du monde naturel. Enregistrements terrain haute fid\u00e9lit\u00e9, paysages sonores et audio sp\u00e9cifique aux esp\u00e8ces pour le documentaire, la recherche et les m\u00e9dias immersifs. Pr\u00eater l&#8217;oreille l\u00e0 o\u00f9 le silence s&#8217;installe. Bonjour, je suis Laurent Wermenlinger. Je crois qu&#8217;une excellente prise de son de nature ne repose pas uniquement sur l&#8217;\u00e9quipement ; elle<\/p>\n","protected":false},"author":2,"featured_media":0,"parent":0,"menu_order":0,"comment_status":"closed","ping_status":"closed","template":"","meta":{"nf_dc_page":"","footnotes":""},"class_list":["post-1884","page","type-page","status-publish"],"yoast_head":"<!-- This site is optimized with the Yoast SEO plugin v27.4 - https:\/\/yoast.com\/product\/yoast-seo-wordpress\/ -->\n<title>Accueil | Laurent Wermenlinger<\/title>\n<meta name=\"robots\" content=\"index, follow, max-snippet:-1, max-image-preview:large, max-video-preview:-1\" \/>\n<link rel=\"canonical\" href=\"https:\/\/wermenlinger.com\/fr\/\" \/>\n<meta property=\"og:locale\" content=\"fr_FR\" \/>\n<meta property=\"og:type\" content=\"article\" \/>\n<meta property=\"og:title\" content=\"Accueil | Laurent Wermenlinger\" \/>\n<meta property=\"og:description\" content=\"Capter le souffle du monde naturel. Enregistrements terrain haute fid\u00e9lit\u00e9, paysages sonores et audio sp\u00e9cifique aux esp\u00e8ces pour le documentaire, la recherche et les m\u00e9dias immersifs. Pr\u00eater l&#8217;oreille l\u00e0 o\u00f9 le silence s&#8217;installe. Bonjour, je suis Laurent Wermenlinger. Je crois qu&#8217;une excellente prise de son de nature ne repose pas uniquement sur l&#8217;\u00e9quipement ; elle\" \/>\n<meta property=\"og:url\" content=\"https:\/\/wermenlinger.com\/fr\/\" \/>\n<meta property=\"og:site_name\" content=\"Laurent Wermenlinger\" \/>\n<meta property=\"article:modified_time\" content=\"2026-03-20T14:30:44+00:00\" \/>\n<meta property=\"og:image\" content=\"https:\/\/wermenlinger.com\/wp-content\/uploads\/2026\/02\/laurent-field.jpeg\" \/>\n<meta name=\"twitter:card\" content=\"summary_large_image\" \/>\n<meta name=\"twitter:label1\" content=\"Dur\u00e9e de lecture estim\u00e9e\" \/>\n\t<meta name=\"twitter:data1\" content=\"4 minutes\" \/>\n<script type=\"application\/ld+json\" class=\"yoast-schema-graph\">{\"@context\":\"https:\\\/\\\/schema.org\",\"@graph\":[{\"@type\":\"WebPage\",\"@id\":\"https:\\\/\\\/wermenlinger.com\\\/fr\\\/\",\"url\":\"https:\\\/\\\/wermenlinger.com\\\/fr\\\/\",\"name\":\"Accueil | Laurent Wermenlinger\",\"isPartOf\":{\"@id\":\"https:\\\/\\\/wermenlinger.com\\\/fr\\\/#website\"},\"primaryImageOfPage\":{\"@id\":\"https:\\\/\\\/wermenlinger.com\\\/fr\\\/#primaryimage\"},\"image\":{\"@id\":\"https:\\\/\\\/wermenlinger.com\\\/fr\\\/#primaryimage\"},\"thumbnailUrl\":\"https:\\\/\\\/wermenlinger.com\\\/wp-content\\\/uploads\\\/2026\\\/02\\\/laurent-field.jpeg\",\"datePublished\":\"2020-02-13T13:17:50+00:00\",\"dateModified\":\"2026-03-20T14:30:44+00:00\",\"breadcrumb\":{\"@id\":\"https:\\\/\\\/wermenlinger.com\\\/fr\\\/#breadcrumb\"},\"inLanguage\":\"fr-FR\",\"potentialAction\":[{\"@type\":\"ReadAction\",\"target\":[\"https:\\\/\\\/wermenlinger.com\\\/fr\\\/\"]}]},{\"@type\":\"ImageObject\",\"inLanguage\":\"fr-FR\",\"@id\":\"https:\\\/\\\/wermenlinger.com\\\/fr\\\/#primaryimage\",\"url\":\"https:\\\/\\\/wermenlinger.com\\\/wp-content\\\/uploads\\\/2026\\\/02\\\/laurent-field.jpeg\",\"contentUrl\":\"https:\\\/\\\/wermenlinger.com\\\/wp-content\\\/uploads\\\/2026\\\/02\\\/laurent-field.jpeg\"},{\"@type\":\"BreadcrumbList\",\"@id\":\"https:\\\/\\\/wermenlinger.com\\\/fr\\\/#breadcrumb\",\"itemListElement\":[{\"@type\":\"ListItem\",\"position\":1,\"name\":\"Home\",\"item\":\"https:\\\/\\\/wermenlinger.com\\\/fr\\\/\"},{\"@type\":\"ListItem\",\"position\":2,\"name\":\"Accueil\"}]},{\"@type\":\"WebSite\",\"@id\":\"https:\\\/\\\/wermenlinger.com\\\/fr\\\/#website\",\"url\":\"https:\\\/\\\/wermenlinger.com\\\/fr\\\/\",\"name\":\"Laurent Wermenlinger\",\"description\":\"Capturing the Breath of the Natural World\",\"publisher\":{\"@id\":\"https:\\\/\\\/wermenlinger.com\\\/fr\\\/#\\\/schema\\\/person\\\/a47dbc1b0000ebf01029107ca89a5feb\"},\"potentialAction\":[{\"@type\":\"SearchAction\",\"target\":{\"@type\":\"EntryPoint\",\"urlTemplate\":\"https:\\\/\\\/wermenlinger.com\\\/fr\\\/?s={search_term_string}\"},\"query-input\":{\"@type\":\"PropertyValueSpecification\",\"valueRequired\":true,\"valueName\":\"search_term_string\"}}],\"inLanguage\":\"fr-FR\"},{\"@type\":[\"Person\",\"Organization\"],\"@id\":\"https:\\\/\\\/wermenlinger.com\\\/fr\\\/#\\\/schema\\\/person\\\/a47dbc1b0000ebf01029107ca89a5feb\",\"name\":\"WERMENLINGERL2\",\"image\":{\"@type\":\"ImageObject\",\"inLanguage\":\"fr-FR\",\"@id\":\"https:\\\/\\\/wermenlinger.com\\\/wp-content\\\/uploads\\\/2026\\\/02\\\/logo-Laurent-Wermenlinger.svg\",\"url\":\"https:\\\/\\\/wermenlinger.com\\\/wp-content\\\/uploads\\\/2026\\\/02\\\/logo-Laurent-Wermenlinger.svg\",\"contentUrl\":\"https:\\\/\\\/wermenlinger.com\\\/wp-content\\\/uploads\\\/2026\\\/02\\\/logo-Laurent-Wermenlinger.svg\",\"width\":579,\"height\":53,\"caption\":\"WERMENLINGERL2\"},\"logo\":{\"@id\":\"https:\\\/\\\/wermenlinger.com\\\/wp-content\\\/uploads\\\/2026\\\/02\\\/logo-Laurent-Wermenlinger.svg\"}}]}<\/script>\n<!-- \/ Yoast SEO plugin. -->","yoast_head_json":{"title":"Accueil | Laurent Wermenlinger","robots":{"index":"index","follow":"follow","max-snippet":"max-snippet:-1","max-image-preview":"max-image-preview:large","max-video-preview":"max-video-preview:-1"},"canonical":"https:\/\/wermenlinger.com\/fr\/","og_locale":"fr_FR","og_type":"article","og_title":"Accueil | Laurent Wermenlinger","og_description":"Capter le souffle du monde naturel. Enregistrements terrain haute fid\u00e9lit\u00e9, paysages sonores et audio sp\u00e9cifique aux esp\u00e8ces pour le documentaire, la recherche et les m\u00e9dias immersifs. Pr\u00eater l&#8217;oreille l\u00e0 o\u00f9 le silence s&#8217;installe. Bonjour, je suis Laurent Wermenlinger. Je crois qu&#8217;une excellente prise de son de nature ne repose pas uniquement sur l&#8217;\u00e9quipement ; elle","og_url":"https:\/\/wermenlinger.com\/fr\/","og_site_name":"Laurent Wermenlinger","article_modified_time":"2026-03-20T14:30:44+00:00","og_image":[{"url":"https:\/\/wermenlinger.com\/wp-content\/uploads\/2026\/02\/laurent-field.jpeg","type":"","width":"","height":""}],"twitter_card":"summary_large_image","twitter_misc":{"Dur\u00e9e de lecture estim\u00e9e":"4 minutes"},"schema":{"@context":"https:\/\/schema.org","@graph":[{"@type":"WebPage","@id":"https:\/\/wermenlinger.com\/fr\/","url":"https:\/\/wermenlinger.com\/fr\/","name":"Accueil | Laurent Wermenlinger","isPartOf":{"@id":"https:\/\/wermenlinger.com\/fr\/#website"},"primaryImageOfPage":{"@id":"https:\/\/wermenlinger.com\/fr\/#primaryimage"},"image":{"@id":"https:\/\/wermenlinger.com\/fr\/#primaryimage"},"thumbnailUrl":"https:\/\/wermenlinger.com\/wp-content\/uploads\/2026\/02\/laurent-field.jpeg","datePublished":"2020-02-13T13:17:50+00:00","dateModified":"2026-03-20T14:30:44+00:00","breadcrumb":{"@id":"https:\/\/wermenlinger.com\/fr\/#breadcrumb"},"inLanguage":"fr-FR","potentialAction":[{"@type":"ReadAction","target":["https:\/\/wermenlinger.com\/fr\/"]}]},{"@type":"ImageObject","inLanguage":"fr-FR","@id":"https:\/\/wermenlinger.com\/fr\/#primaryimage","url":"https:\/\/wermenlinger.com\/wp-content\/uploads\/2026\/02\/laurent-field.jpeg","contentUrl":"https:\/\/wermenlinger.com\/wp-content\/uploads\/2026\/02\/laurent-field.jpeg"},{"@type":"BreadcrumbList","@id":"https:\/\/wermenlinger.com\/fr\/#breadcrumb","itemListElement":[{"@type":"ListItem","position":1,"name":"Home","item":"https:\/\/wermenlinger.com\/fr\/"},{"@type":"ListItem","position":2,"name":"Accueil"}]},{"@type":"WebSite","@id":"https:\/\/wermenlinger.com\/fr\/#website","url":"https:\/\/wermenlinger.com\/fr\/","name":"Laurent Wermenlinger","description":"Capturing the Breath of the Natural World","publisher":{"@id":"https:\/\/wermenlinger.com\/fr\/#\/schema\/person\/a47dbc1b0000ebf01029107ca89a5feb"},"potentialAction":[{"@type":"SearchAction","target":{"@type":"EntryPoint","urlTemplate":"https:\/\/wermenlinger.com\/fr\/?s={search_term_string}"},"query-input":{"@type":"PropertyValueSpecification","valueRequired":true,"valueName":"search_term_string"}}],"inLanguage":"fr-FR"},{"@type":["Person","Organization"],"@id":"https:\/\/wermenlinger.com\/fr\/#\/schema\/person\/a47dbc1b0000ebf01029107ca89a5feb","name":"WERMENLINGERL2","image":{"@type":"ImageObject","inLanguage":"fr-FR","@id":"https:\/\/wermenlinger.com\/wp-content\/uploads\/2026\/02\/logo-Laurent-Wermenlinger.svg","url":"https:\/\/wermenlinger.com\/wp-content\/uploads\/2026\/02\/logo-Laurent-Wermenlinger.svg","contentUrl":"https:\/\/wermenlinger.com\/wp-content\/uploads\/2026\/02\/logo-Laurent-Wermenlinger.svg","width":579,"height":53,"caption":"WERMENLINGERL2"},"logo":{"@id":"https:\/\/wermenlinger.com\/wp-content\/uploads\/2026\/02\/logo-Laurent-Wermenlinger.svg"}}]}},"_links":{"self":[{"href":"https:\/\/wermenlinger.com\/fr\/wp-json\/wp\/v2\/pages\/1884","targetHints":{"allow":["GET"]}}],"collection":[{"href":"https:\/\/wermenlinger.com\/fr\/wp-json\/wp\/v2\/pages"}],"about":[{"href":"https:\/\/wermenlinger.com\/fr\/wp-json\/wp\/v2\/types\/page"}],"author":[{"embeddable":true,"href":"https:\/\/wermenlinger.com\/fr\/wp-json\/wp\/v2\/users\/2"}],"replies":[{"embeddable":true,"href":"https:\/\/wermenlinger.com\/fr\/wp-json\/wp\/v2\/comments?post=1884"}],"version-history":[{"count":20,"href":"https:\/\/wermenlinger.com\/fr\/wp-json\/wp\/v2\/pages\/1884\/revisions"}],"predecessor-version":[{"id":2463,"href":"https:\/\/wermenlinger.com\/fr\/wp-json\/wp\/v2\/pages\/1884\/revisions\/2463"}],"wp:attachment":[{"href":"https:\/\/wermenlinger.com\/fr\/wp-json\/wp\/v2\/media?parent=1884"}],"curies":[{"name":"wp","href":"https:\/\/api.w.org\/{rel}","templated":true}]}}